{"id":1254,"date":"2022-08-25T16:42:21","date_gmt":"2022-08-25T16:42:21","guid":{"rendered":"https:\/\/gapwomen.ufec.cat\/news\/"},"modified":"2022-10-19T12:09:57","modified_gmt":"2022-10-19T12:09:57","slug":"noticies","status":"publish","type":"page","link":"https:\/\/gapwomen.ufec.cat\/ca\/noticies\/","title":{"rendered":"Not\u00edcies"},"content":{"rendered":"\t\t<div data-elementor-type=\"wp-page\" data-elementor-id=\"1254\" class=\"elementor elementor-1254\">\n\t\t\t\t\t\t\t\t\t<section class=\"elementor-section elementor-top-section elementor-element elementor-element-4e15ab6 elementor-section-full_width elementor-section-height-min-height elementor-section-items-top elementor-section-content-top elementor-reverse-tablet elementor-reverse-mobile elementor-section-height-default\" data-id=\"4e15ab6\" data-element_type=\"section\" data-settings=\"{&quot;background_background&quot;:&quot;classic&quot;}\">\n\t\t\t\t\t\t<div class=\"elementor-container elementor-column-gap-no\">\n\t\t\t\t\t<div class=\"elementor-column elementor-col-100 elementor-top-column elementor-element elementor-element-fd86f20\" data-id=\"fd86f20\" data-element_type=\"column\">\n\t\t\t<div class=\"elementor-widget-wrap elementor-element-populated\">\n\t\t\t\t\t\t\t\t<section class=\"elementor-section elementor-inner-section elementor-element elementor-element-487999f elementor-section-boxed elementor-section-height-default elementor-section-height-default\" data-id=\"487999f\" data-element_type=\"section\">\n\t\t\t\t\t\t<div class=\"elementor-container elementor-column-gap-default\">\n\t\t\t\t\t<div class=\"elementor-column elementor-col-50 elementor-inner-column elementor-element elementor-element-8852dc7\" data-id=\"8852dc7\" data-element_type=\"column\">\n\t\t\t<div class=\"elementor-widget-wrap elementor-element-populated\">\n\t\t\t\t\t\t\t\t<div class=\"elementor-element elementor-element-baa0e4f boldFontWhite elementor-widget elementor-widget-heading\" data-id=\"baa0e4f\" data-element_type=\"widget\" data-widget_type=\"heading.default\">\n\t\t\t\t<div class=\"elementor-widget-container\">\n\t\t\t<style>\/*! elementor - v3.8.0 - 30-10-2022 *\/\n.elementor-heading-title{padding:0;margin:0;line-height:1}.elementor-widget-heading .elementor-heading-title[class*=elementor-size-]>a{color:inherit;font-size:inherit;line-height:inherit}.elementor-widget-heading .elementor-heading-title.elementor-size-small{font-size:15px}.elementor-widget-heading .elementor-heading-title.elementor-size-medium{font-size:19px}.elementor-widget-heading .elementor-heading-title.elementor-size-large{font-size:29px}.elementor-widget-heading .elementor-heading-title.elementor-size-xl{font-size:39px}.elementor-widget-heading .elementor-heading-title.elementor-size-xxl{font-size:59px}<\/style><h3 class=\"elementor-heading-title elementor-size-default\">Not\u00edcies<\/h3>\t\t<\/div>\n\t\t\t\t<\/div>\n\t\t\t\t<div class=\"elementor-element elementor-element-bdb2671 elementor-widget elementor-widget-heading\" data-id=\"bdb2671\" data-element_type=\"widget\" data-widget_type=\"heading.default\">\n\t\t\t\t<div class=\"elementor-widget-container\">\n\t\t\t<h5 class=\"elementor-heading-title elementor-size-default\">\u00daltimes not\u00edcies<br>del projecte <b>GAP WOMEN<\/b>.\n<\/h5>\t\t<\/div>\n\t\t\t\t<\/div>\n\t\t\t\t\t<\/div>\n\t\t<\/div>\n\t\t\t\t<div class=\"elementor-column elementor-col-50 elementor-inner-column elementor-element elementor-element-23e4d84\" data-id=\"23e4d84\" data-element_type=\"column\">\n\t\t\t<div class=\"elementor-widget-wrap\">\n\t\t\t\t\t\t\t\t\t<\/div>\n\t\t<\/div>\n\t\t\t\t\t\t\t<\/div>\n\t\t<\/section>\n\t\t\t\t<div class=\"elementor-element elementor-element-dc89288 elementor-posts--align-left elementor-grid-3 elementor-grid-tablet-2 elementor-grid-mobile-1 elementor-posts--thumbnail-top elementor-widget elementor-widget-posts\" data-id=\"dc89288\" data-element_type=\"widget\" data-settings=\"{&quot;pagination_type&quot;:&quot;load_more_infinite_scroll&quot;,&quot;classic_columns&quot;:&quot;3&quot;,&quot;classic_columns_tablet&quot;:&quot;2&quot;,&quot;classic_columns_mobile&quot;:&quot;1&quot;,&quot;classic_row_gap&quot;:{&quot;unit&quot;:&quot;px&quot;,&quot;size&quot;:35,&quot;sizes&quot;:[]},&quot;classic_row_gap_tablet&quot;:{&quot;unit&quot;:&quot;px&quot;,&quot;size&quot;:&quot;&quot;,&quot;sizes&quot;:[]},&quot;classic_row_gap_mobile&quot;:{&quot;unit&quot;:&quot;px&quot;,&quot;size&quot;:&quot;&quot;,&quot;sizes&quot;:[]},&quot;load_more_spinner&quot;:{&quot;value&quot;:&quot;fas fa-spinner&quot;,&quot;library&quot;:&quot;fa-solid&quot;}}\" data-widget_type=\"posts.classic\">\n\t\t\t\t<div class=\"elementor-widget-container\">\n\t\t\t<link rel=\"stylesheet\" href=\"https:\/\/gapwomen.ufec.cat\/wp-content\/plugins\/elementor-pro\/assets\/css\/widget-posts.min.css\">\t\t<div class=\"elementor-posts-container elementor-posts elementor-posts--skin-classic elementor-grid\">\n\t\t\t\t<article class=\"elementor-post elementor-grid-item post-2367 post type-post status-publish format-standard has-post-thumbnail hentry category-uncategorized-ca\">\n\t\t\t\t<a class=\"elementor-post__thumbnail__link\" href=\"https:\/\/gapwomen.ufec.cat\/ca\/2024\/10\/07\/la-ufec-lidera-la-promocio-de-la-participacio-femenina-en-lesport-catala-amb-la-conferencia-sobre-estrategies-digualtat-de-genere\/\" >\n\t\t\t<div class=\"elementor-post__thumbnail\"><img loading=\"lazy\" decoding=\"async\" width=\"2560\" height=\"1707\" src=\"https:\/\/gapwomen.ufec.cat\/wp-content\/uploads\/2024\/10\/DSCF8607UFEC_GAP-WOMEN-26_9_24-scaled.jpg\" class=\"attachment-full size-full\" alt=\"\" \/><\/div>\n\t\t<\/a>\n\t\t\t\t<div class=\"elementor-post__text\">\n\t\t\t\t<h3 class=\"elementor-post__title\">\n\t\t\t<a href=\"https:\/\/gapwomen.ufec.cat\/ca\/2024\/10\/07\/la-ufec-lidera-la-promocio-de-la-participacio-femenina-en-lesport-catala-amb-la-conferencia-sobre-estrategies-digualtat-de-genere\/\" >\n\t\t\t\tLa UFEC lidera la promoci\u00f3 de la participaci\u00f3 femenina en l\u2019esport catal\u00e0 amb la Confer\u00e8ncia sobre estrat\u00e8gies d\u2019igualtat de g\u00e8nere\t\t\t<\/a>\n\t\t<\/h3>\n\t\t\t\t<div class=\"elementor-post__meta-data\">\n\t\t\t\t\t<span class=\"elementor-post-date\">\n\t\t\toctubre 7, 2024\t\t<\/span>\n\t\t\t\t<\/div>\n\t\t\t\t<div class=\"elementor-post__excerpt\">\n\t\t\t<p>La Uni\u00f3 de Federacions Esportives de Catalunya (UFEC) continua essent un actor clau en la transformaci\u00f3 de l\u2019esport catal\u00e0 amb el seu comprom\u00eds amb la<\/p>\n\t\t<\/div>\n\t\t\t\t\t<div class=\"elementor-post__read-more-wrapper\">\n\t\t\n\t\t<a class=\"elementor-post__read-more\" href=\"https:\/\/gapwomen.ufec.cat\/ca\/2024\/10\/07\/la-ufec-lidera-la-promocio-de-la-participacio-femenina-en-lesport-catala-amb-la-conferencia-sobre-estrategies-digualtat-de-genere\/\" >\n\t\t\tLeer m\u00e1s \u00bb\t\t<\/a>\n\n\t\t\t\t\t<\/div>\n\t\t\t\t<\/div>\n\t\t\t\t<\/article>\n\t\t\t\t<article class=\"elementor-post elementor-grid-item post-2342 post type-post status-publish format-standard has-post-thumbnail hentry category-uncategorized-ca\">\n\t\t\t\t<a class=\"elementor-post__thumbnail__link\" href=\"https:\/\/gapwomen.ufec.cat\/ca\/2024\/09\/09\/blandine-dancette\/\" >\n\t\t\t<div class=\"elementor-post__thumbnail\"><img loading=\"lazy\" decoding=\"async\" width=\"400\" height=\"400\" src=\"https:\/\/gapwomen.ufec.cat\/wp-content\/uploads\/2024\/09\/ANLaXnw3_400x400.jpg\" class=\"attachment-full size-full\" alt=\"blandine dancette\" \/><\/div>\n\t\t<\/a>\n\t\t\t\t<div class=\"elementor-post__text\">\n\t\t\t\t<h3 class=\"elementor-post__title\">\n\t\t\t<a href=\"https:\/\/gapwomen.ufec.cat\/ca\/2024\/09\/09\/blandine-dancette\/\" >\n\t\t\t\tTestimonio de Blandine Dancette, jugadora profesional de balonmano y ganadora de la medalla de oro en los Juegos Ol\u00edmpicos de Tokio\t\t\t<\/a>\n\t\t<\/h3>\n\t\t\t\t<div class=\"elementor-post__meta-data\">\n\t\t\t\t\t<span class=\"elementor-post-date\">\n\t\t\tsetembre 9, 2024\t\t<\/span>\n\t\t\t\t<\/div>\n\t\t\t\t<div class=\"elementor-post__excerpt\">\n\t\t\t<p>Testimonio de Blandine Dancette, jugadora profesional de balonmano y ganadora de la medalla de oro en los Juegos Ol\u00edmpicos de Tokio Blandine Dancette, jugadora de<\/p>\n\t\t<\/div>\n\t\t\t\t\t<div class=\"elementor-post__read-more-wrapper\">\n\t\t\n\t\t<a class=\"elementor-post__read-more\" href=\"https:\/\/gapwomen.ufec.cat\/ca\/2024\/09\/09\/blandine-dancette\/\" >\n\t\t\tLeer m\u00e1s \u00bb\t\t<\/a>\n\n\t\t\t\t\t<\/div>\n\t\t\t\t<\/div>\n\t\t\t\t<\/article>\n\t\t\t\t<article class=\"elementor-post elementor-grid-item post-2333 post type-post status-publish format-standard has-post-thumbnail hentry category-uncategorized-ca\">\n\t\t\t\t<a class=\"elementor-post__thumbnail__link\" href=\"https:\/\/gapwomen.ufec.cat\/ca\/2024\/07\/24\/galia-dvorak-utilitza-el-teu-poder-per-combatre-els-estereotips-en-lesport\/\" >\n\t\t\t<div class=\"elementor-post__thumbnail\"><img loading=\"lazy\" decoding=\"async\" width=\"2048\" height=\"1462\" src=\"https:\/\/gapwomen.ufec.cat\/wp-content\/uploads\/2024\/07\/Photo-credit-to-Antonio-Alvarez.jpeg\" class=\"attachment-full size-full\" alt=\"Galia Dvorak\" \/><\/div>\n\t\t<\/a>\n\t\t\t\t<div class=\"elementor-post__text\">\n\t\t\t\t<h3 class=\"elementor-post__title\">\n\t\t\t<a href=\"https:\/\/gapwomen.ufec.cat\/ca\/2024\/07\/24\/galia-dvorak-utilitza-el-teu-poder-per-combatre-els-estereotips-en-lesport\/\" >\n\t\t\t\tGalia Dvorak: \u201cUtilitza el teu poder per combatre els estereotips en l&#8217;esport\u201d\u00a0\t\t\t<\/a>\n\t\t<\/h3>\n\t\t\t\t<div class=\"elementor-post__meta-data\">\n\t\t\t\t\t<span class=\"elementor-post-date\">\n\t\t\tjuliol 24, 2024\t\t<\/span>\n\t\t\t\t<\/div>\n\t\t\t\t<div class=\"elementor-post__excerpt\">\n\t\t\t<p>Drets d&#8217;imatge: Antonio \u00c1lvarez\u00a0\u00a0 En el marc dels Jocs Ol\u00edmpics d&#8217;Estiu 2024, GAP Women Partnership busca promoure les carreres de les atletes femenines i els<\/p>\n\t\t<\/div>\n\t\t\t\t\t<div class=\"elementor-post__read-more-wrapper\">\n\t\t\n\t\t<a class=\"elementor-post__read-more\" href=\"https:\/\/gapwomen.ufec.cat\/ca\/2024\/07\/24\/galia-dvorak-utilitza-el-teu-poder-per-combatre-els-estereotips-en-lesport\/\" >\n\t\t\tLeer m\u00e1s \u00bb\t\t<\/a>\n\n\t\t\t\t\t<\/div>\n\t\t\t\t<\/div>\n\t\t\t\t<\/article>\n\t\t\t\t<article class=\"elementor-post elementor-grid-item post-2321 post type-post status-publish format-standard has-post-thumbnail hentry category-uncategorized-ca\">\n\t\t\t\t<a class=\"elementor-post__thumbnail__link\" href=\"https:\/\/gapwomen.ufec.cat\/ca\/2024\/06\/14\/empoderant-les-dones-en-lesport-celebrant-el-dia-internacional-dels-drets-de-les-dones\/\" >\n\t\t\t<div class=\"elementor-post__thumbnail\"><img loading=\"lazy\" decoding=\"async\" width=\"2560\" height=\"1707\" src=\"https:\/\/gapwomen.ufec.cat\/wp-content\/uploads\/2024\/06\/ETTU-scaled.jpg\" class=\"attachment-full size-full\" alt=\"\" \/><\/div>\n\t\t<\/a>\n\t\t\t\t<div class=\"elementor-post__text\">\n\t\t\t\t<h3 class=\"elementor-post__title\">\n\t\t\t<a href=\"https:\/\/gapwomen.ufec.cat\/ca\/2024\/06\/14\/empoderant-les-dones-en-lesport-celebrant-el-dia-internacional-dels-drets-de-les-dones\/\" >\n\t\t\t\tEmpoderant les dones en l&#8217;esport: Celebrant el Dia Internacional dels Drets de les Dones\t\t\t<\/a>\n\t\t<\/h3>\n\t\t\t\t<div class=\"elementor-post__meta-data\">\n\t\t\t\t\t<span class=\"elementor-post-date\">\n\t\t\tjuny 14, 2024\t\t<\/span>\n\t\t\t\t<\/div>\n\t\t\t\t<div class=\"elementor-post__excerpt\">\n\t\t\t<p>En el context del Dia Internacional dels Drets de les Dones, el 8 de mar\u00e7, els socis del projecte Gap Women es van mobilitzar per<\/p>\n\t\t<\/div>\n\t\t\t\t\t<div class=\"elementor-post__read-more-wrapper\">\n\t\t\n\t\t<a class=\"elementor-post__read-more\" href=\"https:\/\/gapwomen.ufec.cat\/ca\/2024\/06\/14\/empoderant-les-dones-en-lesport-celebrant-el-dia-internacional-dels-drets-de-les-dones\/\" >\n\t\t\tLeer m\u00e1s \u00bb\t\t<\/a>\n\n\t\t\t\t\t<\/div>\n\t\t\t\t<\/div>\n\t\t\t\t<\/article>\n\t\t\t\t<article class=\"elementor-post elementor-grid-item post-1648 post type-post status-publish format-standard has-post-thumbnail hentry category-uncategorized-ca\">\n\t\t\t\t<a class=\"elementor-post__thumbnail__link\" href=\"https:\/\/gapwomen.ufec.cat\/ca\/2024\/05\/23\/laia-palau-es-basic-recolzar-la-investigacio-sobre-lentrenament-fisic-de-les-dones-especialment-durant-el-periode-menstrual-programes-especifics-per-a-dones-i-promoure-la-presencia-de-m\/\" >\n\t\t\t<div class=\"elementor-post__thumbnail\"><img loading=\"lazy\" decoding=\"async\" width=\"1200\" height=\"1600\" src=\"https:\/\/gapwomen.ufec.cat\/wp-content\/uploads\/2024\/05\/WhatsApp-Image-2024-05-07-at-18.02.56-1.jpeg\" class=\"attachment-full size-full\" alt=\"\" \/><\/div>\n\t\t<\/a>\n\t\t\t\t<div class=\"elementor-post__text\">\n\t\t\t\t<h3 class=\"elementor-post__title\">\n\t\t\t<a href=\"https:\/\/gapwomen.ufec.cat\/ca\/2024\/05\/23\/laia-palau-es-basic-recolzar-la-investigacio-sobre-lentrenament-fisic-de-les-dones-especialment-durant-el-periode-menstrual-programes-especifics-per-a-dones-i-promoure-la-presencia-de-m\/\" >\n\t\t\t\tLaia Palau: \u00ab\u00c9s b\u00e0sic recolzar la investigaci\u00f3 sobre l\u00b4entrenament f\u00edsic de les dones\u00bb\t\t\t<\/a>\n\t\t<\/h3>\n\t\t\t\t<div class=\"elementor-post__meta-data\">\n\t\t\t\t\t<span class=\"elementor-post-date\">\n\t\t\tmaig 23, 2024\t\t<\/span>\n\t\t\t\t<\/div>\n\t\t\t\t<div class=\"elementor-post__excerpt\">\n\t\t\t<p>En el marc dels Jocs Ol\u00edmpics d&#8217;Estiu del 2024, el projecte GAP Women pret\u00e9n donar a con\u00e8ixer la traject\u00f2ria de les atletes i els reptes<\/p>\n\t\t<\/div>\n\t\t\t\t\t<div class=\"elementor-post__read-more-wrapper\">\n\t\t\n\t\t<a class=\"elementor-post__read-more\" href=\"https:\/\/gapwomen.ufec.cat\/ca\/2024\/05\/23\/laia-palau-es-basic-recolzar-la-investigacio-sobre-lentrenament-fisic-de-les-dones-especialment-durant-el-periode-menstrual-programes-especifics-per-a-dones-i-promoure-la-presencia-de-m\/\" >\n\t\t\tLeer m\u00e1s \u00bb\t\t<\/a>\n\n\t\t\t\t\t<\/div>\n\t\t\t\t<\/div>\n\t\t\t\t<\/article>\n\t\t\t\t<article class=\"elementor-post elementor-grid-item post-2310 post type-post status-publish format-standard has-post-thumbnail hentry category-uncategorized-ca\">\n\t\t\t\t<a class=\"elementor-post__thumbnail__link\" href=\"https:\/\/gapwomen.ufec.cat\/ca\/2024\/04\/24\/margherita-sport-e-vita-i-la-resiliencia-de-les-dones-en-el-futbol-a-italia\/\" >\n\t\t\t<div class=\"elementor-post__thumbnail\"><img loading=\"lazy\" decoding=\"async\" width=\"1600\" height=\"1150\" src=\"https:\/\/gapwomen.ufec.cat\/wp-content\/uploads\/2024\/05\/Foto_GAPWomen_Pink_torneo3-003.jpg\" class=\"attachment-full size-full\" alt=\"\" \/><\/div>\n\t\t<\/a>\n\t\t\t\t<div class=\"elementor-post__text\">\n\t\t\t\t<h3 class=\"elementor-post__title\">\n\t\t\t<a href=\"https:\/\/gapwomen.ufec.cat\/ca\/2024\/04\/24\/margherita-sport-e-vita-i-la-resiliencia-de-les-dones-en-el-futbol-a-italia\/\" >\n\t\t\t\tMargherita Sport e Vita i la resili\u00e8ncia de les dones en el futbol a It\u00e0lia\t\t\t<\/a>\n\t\t<\/h3>\n\t\t\t\t<div class=\"elementor-post__meta-data\">\n\t\t\t\t\t<span class=\"elementor-post-date\">\n\t\t\tabril 24, 2024\t\t<\/span>\n\t\t\t\t<\/div>\n\t\t\t\t<div class=\"elementor-post__excerpt\">\n\t\t\t<p>Amb motiu del Dia Internacional dels Drets de la Dona, Margherita Sport e Vita va organitzar dos esdeveniments centrats en la resili\u00e8ncia i la participaci\u00f3<\/p>\n\t\t<\/div>\n\t\t\t\t\t<div class=\"elementor-post__read-more-wrapper\">\n\t\t\n\t\t<a class=\"elementor-post__read-more\" href=\"https:\/\/gapwomen.ufec.cat\/ca\/2024\/04\/24\/margherita-sport-e-vita-i-la-resiliencia-de-les-dones-en-el-futbol-a-italia\/\" >\n\t\t\tLeer m\u00e1s \u00bb\t\t<\/a>\n\n\t\t\t\t\t<\/div>\n\t\t\t\t<\/div>\n\t\t\t\t<\/article>\n\t\t\t\t<article class=\"elementor-post elementor-grid-item post-2306 post type-post status-publish format-standard has-post-thumbnail hentry category-uncategorized-ca\">\n\t\t\t\t<a class=\"elementor-post__thumbnail__link\" href=\"https:\/\/gapwomen.ufec.cat\/ca\/2024\/04\/18\/cada-dona-es-benvinguda-a-lesport-ho-estan-webinar\/\" >\n\t\t\t<div class=\"elementor-post__thumbnail\"><img loading=\"lazy\" decoding=\"async\" width=\"1448\" height=\"2048\" src=\"https:\/\/gapwomen.ufec.cat\/wp-content\/uploads\/2024\/04\/Gap-Women-1.jpg\" class=\"attachment-full size-full\" alt=\"\" \/><\/div>\n\t\t<\/a>\n\t\t\t\t<div class=\"elementor-post__text\">\n\t\t\t\t<h3 class=\"elementor-post__title\">\n\t\t\t<a href=\"https:\/\/gapwomen.ufec.cat\/ca\/2024\/04\/18\/cada-dona-es-benvinguda-a-lesport-ho-estan-webinar\/\" >\n\t\t\t\tCada dona \u00e9s benvinguda a l&#8217;esport &#8211; Ho estan?&#8221; \u2013 Webinar\t\t\t<\/a>\n\t\t<\/h3>\n\t\t\t\t<div class=\"elementor-post__meta-data\">\n\t\t\t\t\t<span class=\"elementor-post-date\">\n\t\t\tabril 18, 2024\t\t<\/span>\n\t\t\t\t<\/div>\n\t\t\t\t<div class=\"elementor-post__excerpt\">\n\t\t\t<p>La bretxa entre pol\u00edtiques i implementaci\u00f3. Les dones no s\u00f3n un grup homogeni. Estan les federacions esportives preparades per canviar? Aquestes van ser les conclusions<\/p>\n\t\t<\/div>\n\t\t\t\t\t<div class=\"elementor-post__read-more-wrapper\">\n\t\t\n\t\t<a class=\"elementor-post__read-more\" href=\"https:\/\/gapwomen.ufec.cat\/ca\/2024\/04\/18\/cada-dona-es-benvinguda-a-lesport-ho-estan-webinar\/\" >\n\t\t\tLeer m\u00e1s \u00bb\t\t<\/a>\n\n\t\t\t\t\t<\/div>\n\t\t\t\t<\/div>\n\t\t\t\t<\/article>\n\t\t\t\t<article class=\"elementor-post elementor-grid-item post-2300 post type-post status-publish format-standard has-post-thumbnail hentry category-uncategorized-ca\">\n\t\t\t\t<a class=\"elementor-post__thumbnail__link\" href=\"https:\/\/gapwomen.ufec.cat\/ca\/2024\/03\/11\/promover-la-igualdad-de-genero-en-el-deporte-con-el-proyecto-gap-women\/\" >\n\t\t\t<div class=\"elementor-post__thumbnail\"><img loading=\"lazy\" decoding=\"async\" width=\"600\" height=\"383\" src=\"https:\/\/gapwomen.ufec.cat\/wp-content\/uploads\/2024\/04\/1-1-600x383-1.jpg\" class=\"attachment-full size-full\" alt=\"\" \/><\/div>\n\t\t<\/a>\n\t\t\t\t<div class=\"elementor-post__text\">\n\t\t\t\t<h3 class=\"elementor-post__title\">\n\t\t\t<a href=\"https:\/\/gapwomen.ufec.cat\/ca\/2024\/03\/11\/promover-la-igualdad-de-genero-en-el-deporte-con-el-proyecto-gap-women\/\" >\n\t\t\t\tPromoure la igualtat de g\u00e8nere a l&#8217;esport amb el projecte Gap Women\t\t\t<\/a>\n\t\t<\/h3>\n\t\t\t\t<div class=\"elementor-post__meta-data\">\n\t\t\t\t\t<span class=\"elementor-post-date\">\n\t\t\tmar\u00e7 11, 2024\t\t<\/span>\n\t\t\t\t<\/div>\n\t\t\t\t<div class=\"elementor-post__excerpt\">\n\t\t\t<p>Per commemorar el Dia Internacional dels Drets de la Dona el 8 de mar\u00e7, el projecte europeu Gap Women va llan\u00e7ar una campanya de conscienciaci\u00f3<\/p>\n\t\t<\/div>\n\t\t\t\t\t<div class=\"elementor-post__read-more-wrapper\">\n\t\t\n\t\t<a class=\"elementor-post__read-more\" href=\"https:\/\/gapwomen.ufec.cat\/ca\/2024\/03\/11\/promover-la-igualdad-de-genero-en-el-deporte-con-el-proyecto-gap-women\/\" >\n\t\t\tLeer m\u00e1s \u00bb\t\t<\/a>\n\n\t\t\t\t\t<\/div>\n\t\t\t\t<\/div>\n\t\t\t\t<\/article>\n\t\t\t\t<article class=\"elementor-post elementor-grid-item post-1607 post type-post status-publish format-standard has-post-thumbnail hentry category-uncategorized-ca\">\n\t\t\t\t<a class=\"elementor-post__thumbnail__link\" href=\"https:\/\/gapwomen.ufec.cat\/ca\/2023\/10\/03\/maribel-zamora-presenta-el-projecte-gap-women-al-2nd-iwisc\/\" >\n\t\t\t<div class=\"elementor-post__thumbnail\"><img loading=\"lazy\" decoding=\"async\" width=\"2560\" height=\"1707\" src=\"https:\/\/gapwomen.ufec.cat\/wp-content\/uploads\/2023\/10\/1369063554-scaled.jpg\" class=\"attachment-full size-full\" alt=\"\" \/><\/div>\n\t\t<\/a>\n\t\t\t\t<div class=\"elementor-post__text\">\n\t\t\t\t<h3 class=\"elementor-post__title\">\n\t\t\t<a href=\"https:\/\/gapwomen.ufec.cat\/ca\/2023\/10\/03\/maribel-zamora-presenta-el-projecte-gap-women-al-2nd-iwisc\/\" >\n\t\t\t\tMaribel Zamora presenta el projecte GAP Women al 2nd IWISC\t\t\t<\/a>\n\t\t<\/h3>\n\t\t\t\t<div class=\"elementor-post__meta-data\">\n\t\t\t\t\t<span class=\"elementor-post-date\">\n\t\t\toctubre 3, 2023\t\t<\/span>\n\t\t\t\t<\/div>\n\t\t\t\t<div class=\"elementor-post__excerpt\">\n\t\t\t<p>Maribel Zamora, presidenta de la Federaci\u00f3 Catalana de Voleibol, va presentar el projecte&nbsp;GAP Women&nbsp;dins del&nbsp;II International Women in Sports Congress, que va tenir lloc a<\/p>\n\t\t<\/div>\n\t\t\t\t\t<div class=\"elementor-post__read-more-wrapper\">\n\t\t\n\t\t<a class=\"elementor-post__read-more\" href=\"https:\/\/gapwomen.ufec.cat\/ca\/2023\/10\/03\/maribel-zamora-presenta-el-projecte-gap-women-al-2nd-iwisc\/\" >\n\t\t\tLeer m\u00e1s \u00bb\t\t<\/a>\n\n\t\t\t\t\t<\/div>\n\t\t\t\t<\/div>\n\t\t\t\t<\/article>\n\t\t\t\t<article class=\"elementor-post elementor-grid-item post-1503 post type-post status-publish format-standard has-post-thumbnail hentry category-uncategorized-ca\">\n\t\t\t\t<a class=\"elementor-post__thumbnail__link\" href=\"https:\/\/gapwomen.ufec.cat\/ca\/2022\/09\/07\/engega-el-projecte-gap-liderat-per-la-ufec-per-augmentar-el-nombre-de-llicencies-femenines\/\" >\n\t\t\t<div class=\"elementor-post__thumbnail\"><img loading=\"lazy\" decoding=\"async\" width=\"1920\" height=\"1280\" src=\"https:\/\/gapwomen.ufec.cat\/wp-content\/uploads\/2022\/09\/Gap-Women-6.jpg\" class=\"attachment-full size-full\" alt=\"\" \/><\/div>\n\t\t<\/a>\n\t\t\t\t<div class=\"elementor-post__text\">\n\t\t\t\t<h3 class=\"elementor-post__title\">\n\t\t\t<a href=\"https:\/\/gapwomen.ufec.cat\/ca\/2022\/09\/07\/engega-el-projecte-gap-liderat-per-la-ufec-per-augmentar-el-nombre-de-llicencies-femenines\/\" >\n\t\t\t\tEngega el projecte GAP liderat per la UFEC per augmentar el nombre de llic\u00e8ncies femenines\t\t\t<\/a>\n\t\t<\/h3>\n\t\t\t\t<div class=\"elementor-post__meta-data\">\n\t\t\t\t\t<span class=\"elementor-post-date\">\n\t\t\tsetembre 7, 2022\t\t<\/span>\n\t\t\t\t<\/div>\n\t\t\t\t<div class=\"elementor-post__excerpt\">\n\t\t\t<p>El passat 27 de juliol de 2022 va arrencar el projecte GAP Women (Gender Actions to increase Women\u2019s Participation in Sports &#8211; Accions de g\u00e8nere<\/p>\n\t\t<\/div>\n\t\t\t\t\t<div class=\"elementor-post__read-more-wrapper\">\n\t\t\n\t\t<a class=\"elementor-post__read-more\" href=\"https:\/\/gapwomen.ufec.cat\/ca\/2022\/09\/07\/engega-el-projecte-gap-liderat-per-la-ufec-per-augmentar-el-nombre-de-llicencies-femenines\/\" >\n\t\t\tLeer m\u00e1s \u00bb\t\t<\/a>\n\n\t\t\t\t\t<\/div>\n\t\t\t\t<\/div>\n\t\t\t\t<\/article>\n\t\t\t\t<\/div>\n\t\t\t\t\t<span class=\"e-load-more-spinner\">\n\t\t\t\t<i aria-hidden=\"true\" class=\"fas fa-spinner\"><\/i>\t\t\t<\/span>\n\t\t\n\t\t\t\t<\/div>\n\t\t\t\t<\/div>\n\t\t\t\t<section class=\"elementor-section elementor-inner-section elementor-element elementor-element-1db279c elementor-section-boxed elementor-section-height-default elementor-section-height-default\" data-id=\"1db279c\" data-element_type=\"section\">\n\t\t\t\t\t\t<div class=\"elementor-container elementor-column-gap-default\">\n\t\t\t\t\t<div class=\"elementor-column elementor-col-50 elementor-inner-column elementor-element elementor-element-d232e62\" data-id=\"d232e62\" data-element_type=\"column\">\n\t\t\t<div class=\"elementor-widget-wrap\">\n\t\t\t\t\t\t\t\t\t<\/div>\n\t\t<\/div>\n\t\t\t\t<div class=\"elementor-column elementor-col-50 elementor-inner-column elementor-element elementor-element-f7a6c07\" data-id=\"f7a6c07\" data-element_type=\"column\">\n\t\t\t<div class=\"elementor-widget-wrap elementor-element-populated\">\n\t\t\t\t\t\t\t\t<div class=\"elementor-element elementor-element-8a3aab5 elementor-widget elementor-widget-heading\" data-id=\"8a3aab5\" data-element_type=\"widget\" data-widget_type=\"heading.default\">\n\t\t\t\t<div class=\"elementor-widget-container\">\n\t\t\t<p class=\"elementor-heading-title elementor-size-default\">Mantenir-te informat tamb\u00e9 significa ser part del projecte!\n<\/p>\t\t<\/div>\n\t\t\t\t<\/div>\n\t\t\t\t\t<\/div>\n\t\t<\/div>\n\t\t\t\t\t\t\t<\/div>\n\t\t<\/section>\n\t\t\t\t\t<\/div>\n\t\t<\/div>\n\t\t\t\t\t\t\t<\/div>\n\t\t<\/section>\n\t\t\t\t\t\t\t<\/div>\n\t\t","protected":false},"excerpt":{"rendered":"<p>Not\u00edcies \u00daltimes not\u00edciesdel projecte GAP WOMEN. Mantenir-te informat tamb\u00e9 significa ser part del projecte!<\/p>\n","protected":false},"author":2,"featured_media":0,"parent":0,"menu_order":0,"comment_status":"closed","ping_status":"closed","template":"elementor_header_footer","meta":{"footnotes":""},"class_list":["post-1254","page","type-page","status-publish","hentry"],"yoast_head":"<!-- This site is optimized with the Yoast SEO plugin v19.9 - https:\/\/yoast.com\/wordpress\/plugins\/seo\/ -->\n<title>Not\u00edcies - GAPWomen<\/title>\n<meta name=\"robots\" content=\"index, follow, max-snippet:-1, max-image-preview:large, max-video-preview:-1\" \/>\n<link rel=\"canonical\" href=\"https:\/\/gapwomen.ufec.cat\/ca\/noticies\/\" \/>\n<meta property=\"og:locale\" content=\"ca_ES\" \/>\n<meta property=\"og:type\" content=\"article\" \/>\n<meta property=\"og:title\" content=\"Not\u00edcies - GAPWomen\" \/>\n<meta property=\"og:description\" content=\"Not\u00edcies \u00daltimes not\u00edciesdel projecte GAP WOMEN. Mantenir-te informat tamb\u00e9 significa ser part del projecte!\" \/>\n<meta property=\"og:url\" content=\"https:\/\/gapwomen.ufec.cat\/ca\/noticies\/\" \/>\n<meta property=\"og:site_name\" content=\"GAPWomen\" \/>\n<meta property=\"article:modified_time\" content=\"2022-10-19T12:09:57+00:00\" \/>\n<meta name=\"twitter:card\" content=\"summary_large_image\" \/>\n<meta name=\"twitter:label1\" content=\"Temps estimat de lectura\" \/>\n\t<meta name=\"twitter:data1\" content=\"1 minut\" \/>\n<script type=\"application\/ld+json\" class=\"yoast-schema-graph\">{\"@context\":\"https:\/\/schema.org\",\"@graph\":[{\"@type\":\"WebPage\",\"@id\":\"https:\/\/gapwomen.ufec.cat\/ca\/noticies\/\",\"url\":\"https:\/\/gapwomen.ufec.cat\/ca\/noticies\/\",\"name\":\"Not\u00edcies - GAPWomen\",\"isPartOf\":{\"@id\":\"https:\/\/gapwomen.ufec.cat\/ca\/#website\"},\"datePublished\":\"2022-08-25T16:42:21+00:00\",\"dateModified\":\"2022-10-19T12:09:57+00:00\",\"breadcrumb\":{\"@id\":\"https:\/\/gapwomen.ufec.cat\/ca\/noticies\/#breadcrumb\"},\"inLanguage\":\"ca\",\"potentialAction\":[{\"@type\":\"ReadAction\",\"target\":[\"https:\/\/gapwomen.ufec.cat\/ca\/noticies\/\"]}]},{\"@type\":\"BreadcrumbList\",\"@id\":\"https:\/\/gapwomen.ufec.cat\/ca\/noticies\/#breadcrumb\",\"itemListElement\":[{\"@type\":\"ListItem\",\"position\":1,\"name\":\"Portada\",\"item\":\"https:\/\/gapwomen.ufec.cat\/ca\/\"},{\"@type\":\"ListItem\",\"position\":2,\"name\":\"Not\u00edcies\"}]},{\"@type\":\"WebSite\",\"@id\":\"https:\/\/gapwomen.ufec.cat\/ca\/#website\",\"url\":\"https:\/\/gapwomen.ufec.cat\/ca\/\",\"name\":\"GAPWomen\",\"description\":\"Just another WordPress site\",\"publisher\":{\"@id\":\"https:\/\/gapwomen.ufec.cat\/ca\/#organization\"},\"potentialAction\":[{\"@type\":\"SearchAction\",\"target\":{\"@type\":\"EntryPoint\",\"urlTemplate\":\"https:\/\/gapwomen.ufec.cat\/ca\/?s={search_term_string}\"},\"query-input\":\"required name=search_term_string\"}],\"inLanguage\":\"ca\"},{\"@type\":\"Organization\",\"@id\":\"https:\/\/gapwomen.ufec.cat\/ca\/#organization\",\"name\":\"GAPWomen\",\"url\":\"https:\/\/gapwomen.ufec.cat\/ca\/\",\"logo\":{\"@type\":\"ImageObject\",\"inLanguage\":\"ca\",\"@id\":\"https:\/\/gapwomen.ufec.cat\/ca\/#\/schema\/logo\/image\/\",\"url\":\"https:\/\/gapwomen.ufec.cat\/wp-content\/uploads\/2022\/08\/LOGOS-GAP-WOMEN-09.svg\",\"contentUrl\":\"https:\/\/gapwomen.ufec.cat\/wp-content\/uploads\/2022\/08\/LOGOS-GAP-WOMEN-09.svg\",\"width\":500,\"height\":200,\"caption\":\"GAPWomen\"},\"image\":{\"@id\":\"https:\/\/gapwomen.ufec.cat\/ca\/#\/schema\/logo\/image\/\"}}]}<\/script>\n<!-- \/ Yoast SEO plugin. -->","yoast_head_json":{"title":"Not\u00edcies - GAPWomen","robots":{"index":"index","follow":"follow","max-snippet":"max-snippet:-1","max-image-preview":"max-image-preview:large","max-video-preview":"max-video-preview:-1"},"canonical":"https:\/\/gapwomen.ufec.cat\/ca\/noticies\/","og_locale":"ca_ES","og_type":"article","og_title":"Not\u00edcies - GAPWomen","og_description":"Not\u00edcies \u00daltimes not\u00edciesdel projecte GAP WOMEN. Mantenir-te informat tamb\u00e9 significa ser part del projecte!","og_url":"https:\/\/gapwomen.ufec.cat\/ca\/noticies\/","og_site_name":"GAPWomen","article_modified_time":"2022-10-19T12:09:57+00:00","twitter_card":"summary_large_image","twitter_misc":{"Temps estimat de lectura":"1 minut"},"schema":{"@context":"https:\/\/schema.org","@graph":[{"@type":"WebPage","@id":"https:\/\/gapwomen.ufec.cat\/ca\/noticies\/","url":"https:\/\/gapwomen.ufec.cat\/ca\/noticies\/","name":"Not\u00edcies - GAPWomen","isPartOf":{"@id":"https:\/\/gapwomen.ufec.cat\/ca\/#website"},"datePublished":"2022-08-25T16:42:21+00:00","dateModified":"2022-10-19T12:09:57+00:00","breadcrumb":{"@id":"https:\/\/gapwomen.ufec.cat\/ca\/noticies\/#breadcrumb"},"inLanguage":"ca","potentialAction":[{"@type":"ReadAction","target":["https:\/\/gapwomen.ufec.cat\/ca\/noticies\/"]}]},{"@type":"BreadcrumbList","@id":"https:\/\/gapwomen.ufec.cat\/ca\/noticies\/#breadcrumb","itemListElement":[{"@type":"ListItem","position":1,"name":"Portada","item":"https:\/\/gapwomen.ufec.cat\/ca\/"},{"@type":"ListItem","position":2,"name":"Not\u00edcies"}]},{"@type":"WebSite","@id":"https:\/\/gapwomen.ufec.cat\/ca\/#website","url":"https:\/\/gapwomen.ufec.cat\/ca\/","name":"GAPWomen","description":"Just another WordPress site","publisher":{"@id":"https:\/\/gapwomen.ufec.cat\/ca\/#organization"},"potentialAction":[{"@type":"SearchAction","target":{"@type":"EntryPoint","urlTemplate":"https:\/\/gapwomen.ufec.cat\/ca\/?s={search_term_string}"},"query-input":"required name=search_term_string"}],"inLanguage":"ca"},{"@type":"Organization","@id":"https:\/\/gapwomen.ufec.cat\/ca\/#organization","name":"GAPWomen","url":"https:\/\/gapwomen.ufec.cat\/ca\/","logo":{"@type":"ImageObject","inLanguage":"ca","@id":"https:\/\/gapwomen.ufec.cat\/ca\/#\/schema\/logo\/image\/","url":"https:\/\/gapwomen.ufec.cat\/wp-content\/uploads\/2022\/08\/LOGOS-GAP-WOMEN-09.svg","contentUrl":"https:\/\/gapwomen.ufec.cat\/wp-content\/uploads\/2022\/08\/LOGOS-GAP-WOMEN-09.svg","width":500,"height":200,"caption":"GAPWomen"},"image":{"@id":"https:\/\/gapwomen.ufec.cat\/ca\/#\/schema\/logo\/image\/"}}]}},"_links":{"self":[{"href":"https:\/\/gapwomen.ufec.cat\/ca\/wp-json\/wp\/v2\/pages\/1254","targetHints":{"allow":["GET"]}}],"collection":[{"href":"https:\/\/gapwomen.ufec.cat\/ca\/wp-json\/wp\/v2\/pages"}],"about":[{"href":"https:\/\/gapwomen.ufec.cat\/ca\/wp-json\/wp\/v2\/types\/page"}],"author":[{"embeddable":true,"href":"https:\/\/gapwomen.ufec.cat\/ca\/wp-json\/wp\/v2\/users\/2"}],"replies":[{"embeddable":true,"href":"https:\/\/gapwomen.ufec.cat\/ca\/wp-json\/wp\/v2\/comments?post=1254"}],"version-history":[{"count":12,"href":"https:\/\/gapwomen.ufec.cat\/ca\/wp-json\/wp\/v2\/pages\/1254\/revisions"}],"predecessor-version":[{"id":1485,"href":"https:\/\/gapwomen.ufec.cat\/ca\/wp-json\/wp\/v2\/pages\/1254\/revisions\/1485"}],"wp:attachment":[{"href":"https:\/\/gapwomen.ufec.cat\/ca\/wp-json\/wp\/v2\/media?parent=1254"}],"curies":[{"name":"wp","href":"https:\/\/api.w.org\/{rel}","templated":true}]}}